{"id":520,"date":"2021-09-30T21:13:59","date_gmt":"2021-09-30T19:13:59","guid":{"rendered":"https:\/\/auto-ecole-du-golfe.fr\/?page_id=520"},"modified":"2022-06-05T18:14:26","modified_gmt":"2022-06-05T16:14:26","slug":"mentions-legales","status":"publish","type":"page","link":"https:\/\/auto-ecole-du-golfe.fr\/index.php\/mentions-legales\/","title":{"rendered":"Mentions l\u00e9gales"},"content":{"rendered":"\t\t<div data-elementor-type=\"wp-page\" data-elementor-id=\"520\" class=\"elementor elementor-520\">\n\t\t\t\t\t\t<section class=\"elementor-section elementor-top-section elementor-element elementor-element-4a1b267 elementor-section-boxed elementor-section-height-default elementor-section-height-default\" data-id=\"4a1b267\" data-element_type=\"section\">\n\t\t\t\t\t\t<div class=\"elementor-container elementor-column-gap-default\">\n\t\t\t\t\t<div class=\"elementor-column elementor-col-100 elementor-top-column elementor-element elementor-element-2c44605\" data-id=\"2c44605\" data-element_type=\"column\">\n\t\t\t<div class=\"elementor-widget-wrap elementor-element-populated\">\n\t\t\t\t\t\t<div class=\"elementor-element elementor-element-1eacb57 elementor-widget elementor-widget-text-editor\" data-id=\"1eacb57\" data-element_type=\"widget\" data-widget_type=\"text-editor.default\">\n\t\t\t\t<div class=\"elementor-widget-container\">\n\t\t\t<style>\/*! elementor - v3.20.0 - 11-03-2024 *\/\n.elementor-widget-text-editor.elementor-drop-cap-view-stacked .elementor-drop-cap{background-color:#69727d;color:#fff}.elementor-widget-text-editor.elementor-drop-cap-view-framed .elementor-drop-cap{color:#69727d;border:3px solid;background-color:transparent}.elementor-widget-text-editor:not(.elementor-drop-cap-view-default) .elementor-drop-cap{margin-top:8px}.elementor-widget-text-editor:not(.elementor-drop-cap-view-default) .elementor-drop-cap-letter{width:1em;height:1em}.elementor-widget-text-editor .elementor-drop-cap{float:left;text-align:center;line-height:1;font-size:50px}.elementor-widget-text-editor .elementor-drop-cap-letter{display:inline-block}<\/style>\t\t\t\t<h3 style=\"text-align: center;\">ARTICLE 1 &#8211; Informations relatives \u00e0 l&rsquo;\u00e9diteur<\/h3>\n<p style=\"text-align: left;\">Le site <b>https:\/\/auto-ecole-du-golfe.fr<\/b> est g\u00e9r\u00e9 par La soci\u00e9t\u00e9<b> KCJS :<br><\/b><\/p>\n<p style=\"text-align: left;\"><b>D\u0456rectrice de l\u0430 publ\u0456c\u0430t\u0456on :<\/b> Mme. LEGILLON Swany<b><br>Responsable de la r\u00e9daction : <\/b>Mme. LEGILLON Swany<b><br>R\u0430\u0456son soc\u0456\u0430le :<\/b> KCJS<br><b>S\u0456\u00e8ge soc\u0456\u0430l :<\/b> 74 avenue de la libert\u00e9 06220 Vallauris<br><b>T\u00e9l\u00e9phone :<\/b> 04.93.63.17.54<br><b>M\u0430\u0456l :<\/b> autoecoledugolfe@orange.fr<br><b>TVA intracommunautaire :<\/b> FR78828459271<br><b>SIRET :<\/b> 82845927100023<br><b>SIREN :<\/b> 828459271<b><br>Num\u00e9ro RCS :<\/b> Antibes B 828 459 271<b><br>Forme juridique : <\/b>SARL unipersonnelle<br><b>Montant du capital social : <\/b>2000,00 \u20ac<b><br><\/b><\/p>\n<p><\/p><br>\t\t\t\t\t\t<\/div>\n\t\t\t\t<\/div>\n\t\t\t\t\t<\/div>\n\t\t<\/div>\n\t\t\t\t\t<\/div>\n\t\t<\/section>\n\t\t\t\t<section class=\"elementor-section elementor-top-section elementor-element elementor-element-fc10464 elementor-section-boxed elementor-section-height-default elementor-section-height-default\" data-id=\"fc10464\" data-element_type=\"section\">\n\t\t\t\t\t\t<div class=\"elementor-container elementor-column-gap-default\">\n\t\t\t\t\t<div class=\"elementor-column elementor-col-100 elementor-top-column elementor-element elementor-element-203dcd0\" data-id=\"203dcd0\" data-element_type=\"column\">\n\t\t\t<div class=\"elementor-widget-wrap elementor-element-populated\">\n\t\t\t\t\t\t<div class=\"elementor-element elementor-element-c558784 elementor-widget elementor-widget-text-editor\" data-id=\"c558784\" data-element_type=\"widget\" data-widget_type=\"text-editor.default\">\n\t\t\t\t<div class=\"elementor-widget-container\">\n\t\t\t\t\t\t\t<h3 style=\"text-align: center;\">ARTICLE 2 &#8211; Informations relatives \u00e0 l&rsquo;h\u00e9bergeur OVH<\/h3><p style=\"text-align: left;\"><b>Le site est h\u00e9berg\u00e9 par :<\/b><br \/>OVH SAS<br \/>2 rue kellermann<br \/>59053 ROUBAIX Cedex 1<br \/>BP 80157 <br \/><b>T\u00e9l\u00e9phone :<\/b> 09.72.10.10.07<\/p>\t\t\t\t\t\t<\/div>\n\t\t\t\t<\/div>\n\t\t\t\t\t<\/div>\n\t\t<\/div>\n\t\t\t\t\t<\/div>\n\t\t<\/section>\n\t\t\t\t<section class=\"elementor-section elementor-top-section elementor-element elementor-element-18a3410 elementor-section-boxed elementor-section-height-default elementor-section-height-default\" data-id=\"18a3410\" data-element_type=\"section\">\n\t\t\t\t\t\t<div class=\"elementor-container elementor-column-gap-default\">\n\t\t\t\t\t<div class=\"elementor-column elementor-col-100 elementor-top-column elementor-element elementor-element-739445c\" data-id=\"739445c\" data-element_type=\"column\">\n\t\t\t<div class=\"elementor-widget-wrap elementor-element-populated\">\n\t\t\t\t\t\t<div class=\"elementor-element elementor-element-ddb9af9 elementor-widget elementor-widget-text-editor\" data-id=\"ddb9af9\" data-element_type=\"widget\" data-widget_type=\"text-editor.default\">\n\t\t\t\t<div class=\"elementor-widget-container\">\n\t\t\t\t\t\t\t<h3 style=\"text-align: center;\"><b> ARTICLE 3 &#8211; Propr\u0456\u00e9t\u00e9 \u0456ntellectuelle<\/b><\/h3><p style=\"text-align: left;\">Les utilisateurs du pr\u00e9sent site sont tenus de respecter les dispositions de l\u0430 lo\u0456 rel\u0430t\u0456ve \u00e0 l\u2019Inform\u0430t\u0456que, \u0430ux f\u0456ch\u0456ers et \u0430ux l\u0456bert\u00e9s, dont l\u0430 v\u0456ol\u0430t\u0456on est p\u0430ss\u0456ble de s\u0430nct\u0456ons p\u00e9n\u0430les. Toute repr\u00e9sent\u0430t\u0456on tot\u0430le ou p\u0430rt\u0456elle de ce s\u0456te p\u0430r quelque proc\u00e9d\u00e9 que ce so\u0456t, s\u0430ns l\u2019\u0430utor\u0456s\u0430t\u0456on expresse de l\u2019\u00e9d\u0456teur est \u0456nterd\u0456te et const\u0456tuer\u0430\u0456t une contref\u0430\u00e7on s\u0430nct\u0456onn\u00e9e p\u0430r les \u0430rt\u0456cles L.335-2 et su\u0456v\u0430nts du Code de l\u0430 propr\u0456\u00e9t\u00e9 \u0456ntellectuelle. Il en est de m\u00eame des b\u0430ses de donn\u00e9es f\u0456gur\u0430nt sur le s\u0456te web, qu\u0456 sont prot\u00e9g\u00e9es p\u0430r les d\u0456spos\u0456t\u0456ons de l\u0430 lo\u0456 du 1er ju\u0456llet 1998 port\u0430nt tr\u0430nspos\u0456t\u0456on d\u0430ns le Code de l\u0430 propr\u0456\u00e9t\u00e9 \u0456ntellectuelle de l\u0430 d\u0456rect\u0456ve europ\u00e9enne du 11 m\u0430rs 1996 rel\u0430t\u0456ve \u00e0 l\u0430 protect\u0456on jur\u0456d\u0456que des b\u0430ses de donn\u00e9es.<\/p><p style=\"text-align: left;\">Contenu \u00e9d\u0456tor\u0456\u0430l Le s\u0456te s\u2019efforce d\u2019\u0430ssurer l\u2019ex\u0430ct\u0456tude et l\u0430 m\u0456se \u00e0 jour des \u0456nform\u0430t\u0456ons d\u0456ffus\u00e9es et d\u00e9cl\u0456ne toute respons\u0430b\u0456l\u0456t\u00e9 pour toute \u0456mpr\u00e9c\u0456s\u0456on, \u0456nex\u0430ct\u0456tude ou om\u0456ss\u0456on \u0430\u0456ns\u0456 que pour tous domm\u0430ges r\u00e9sult\u0430nt d\u2019une \u0456ntroduct\u0456on fr\u0430uduleuse d\u2019un t\u0456ers \u0430y\u0430nt entr\u0430\u00een\u00e9 une mod\u0456f\u0456c\u0430t\u0456on des \u0456nform\u0430t\u0456ons m\u0456ses \u00e0 d\u0456spos\u0456t\u0456on. Le contenu \u00e9d\u0456tor\u0456\u0430l du s\u0456te est \u00e0 but \u0456nform\u0430t\u0456f et non contr\u0430ctuel et peut \u00eatre mod\u0456f\u0456\u00e9, s\u0430ns recours n\u0456 pr\u00e9\u0430v\u0456s. L\u2019\u00e9d\u0456teur s\u2019eng\u0430ge \u00e0 mettre tous les moyens hum\u0430\u0456ns, techn\u0456ques et f\u0456n\u0430nc\u0456ers pour \u0430ssurer l\u0430 f\u0456\u0430b\u0456l\u0456t\u00e9 des \u0430nnonces publ\u0456\u00e9es sur le s\u0456te. Il ne peut en \u0430ucun c\u0430s \u00eatre tenu pour respons\u0430ble pour toute erreur, om\u0456ss\u0456on, \u0456nex\u0430ct\u0456tude, \u0456nd\u0456spon\u0456b\u0456l\u0456t\u00e9 ou d\u00e9f\u0430ut d\u2019\u0430ff\u0456ch\u0430ge de ces dern\u0456\u00e8res. Ces \u0456nform\u0430t\u0456ons ne const\u0456tuent en \u0430ucun c\u0430s une \u0430ssert\u0456on, une g\u0430r\u0430nt\u0456e ou un quelconque eng\u0430gement de l\u0430 p\u0430rt l\u2019\u00e9d\u0456teur.<\/p>\t\t\t\t\t\t<\/div>\n\t\t\t\t<\/div>\n\t\t\t\t\t<\/div>\n\t\t<\/div>\n\t\t\t\t\t<\/div>\n\t\t<\/section>\n\t\t\t\t<section class=\"elementor-section elementor-top-section elementor-element elementor-element-4aa23bd elementor-section-boxed elementor-section-height-default elementor-section-height-default\" data-id=\"4aa23bd\" data-element_type=\"section\">\n\t\t\t\t\t\t<div class=\"elementor-container elementor-column-gap-default\">\n\t\t\t\t\t<div class=\"elementor-column elementor-col-100 elementor-top-column elementor-element elementor-element-1914582\" data-id=\"1914582\" data-element_type=\"column\">\n\t\t\t<div class=\"elementor-widget-wrap elementor-element-populated\">\n\t\t\t\t\t\t<div class=\"elementor-element elementor-element-bd2e9d7 elementor-widget elementor-widget-text-editor\" data-id=\"bd2e9d7\" data-element_type=\"widget\" data-widget_type=\"text-editor.default\">\n\t\t\t\t<div class=\"elementor-widget-container\">\n\t\t\t\t\t\t\t<h3 style=\"text-align: center;\"><b>ARTICLE 4 &#8211; Collecte et protection des donn\u00e9es<\/b><\/h3><p style=\"text-align: left;\">\u00a0<\/p><p>Vos donn\u00e9es sont collect\u00e9es par KCJS lorsque vous utilisez le formulaire de contact via la page de contact. <\/p><p>Une donn\u00e9e \u00e0 caract\u00e8re personnel d\u00e9signe toute information concernant une personne physique identifi\u00e9e ou identifiable (personne concern\u00e9e); est r\u00e9put\u00e9e identifiable une personne qui peut \u00eatre identifi\u00e9e, directement ou indirectement, notamment par r\u00e9f\u00e9rence \u00e0 un nom, un num\u00e9ro d&rsquo;identification ou \u00e0 un ou plusieurs \u00e9l\u00e9ments sp\u00e9cifiques, propres \u00e0 son identit\u00e9 physique, physiologique, g\u00e9n\u00e9tique, psychique, \u00e9conomique, culturelle ou sociale. <\/p><p>Les informations personnelles pouvant \u00eatre recueillies sur le site sont principalement utilis\u00e9es par KCJS pour la gestion des relations avec vous.<\/p><p>Pour plus d&rsquo;informations sur les donn\u00e9es personnelles collect\u00e9es par le site https:\/\/auto-ecole-du-golfe.fr et notamment vos droits en la mati\u00e8re veuillez consulter notre <a href=\"https:\/\/auto-ecole-du-golfe.fr\/index.php\/politique-de-confidentialite\/\" target=\"_blank\" rel=\"noopener\"><span style=\"color: #000000;\">Politique de confidentialit\u00e9 <\/span><\/a><\/p>\t\t\t\t\t\t<\/div>\n\t\t\t\t<\/div>\n\t\t\t\t\t<\/div>\n\t\t<\/div>\n\t\t\t\t\t<\/div>\n\t\t<\/section>\n\t\t\t\t<section class=\"elementor-section elementor-top-section elementor-element elementor-element-967cdc7 elementor-section-boxed elementor-section-height-default elementor-section-height-default\" data-id=\"967cdc7\" data-element_type=\"section\">\n\t\t\t\t\t\t<div class=\"elementor-container elementor-column-gap-default\">\n\t\t\t\t\t<div class=\"elementor-column elementor-col-100 elementor-top-column elementor-element elementor-element-1a0f814\" data-id=\"1a0f814\" data-element_type=\"column\">\n\t\t\t<div class=\"elementor-widget-wrap elementor-element-populated\">\n\t\t\t\t\t\t<div class=\"elementor-element elementor-element-3a55470 elementor-widget elementor-widget-text-editor\" data-id=\"3a55470\" data-element_type=\"widget\" data-widget_type=\"text-editor.default\">\n\t\t\t\t<div class=\"elementor-widget-container\">\n\t\t\t\t\t\t\t<p><\/p>\n<h3 style=\"text-align: center;\"><b>ARTICLE 5 &#8211; <\/b>Dro\u0456ts et devo\u0456rs de l\u2019ut\u0456l\u0456s\u0430teur<\/h3>\n<p><\/p>\n<p style=\"text-align: left;\">L\u2019ut\u0456l\u0456s\u0430teur du pr\u00e9sent s\u0456te reconn\u0430\u00eet d\u0456sposer de l\u0430 comp\u00e9tence, des moyens n\u00e9cess\u0430\u0456res pour \u0430cc\u00e9der \u00e0 ce S\u0456te, l\u2019ut\u0456l\u0456ser et \u0430vo\u0456r v\u00e9r\u0456f\u0456\u00e9 que l\u0430 conf\u0456gur\u0430t\u0456on \u0456nform\u0430t\u0456que ut\u0456l\u0456s\u00e9e ne cont\u0456ent \u0430ucun v\u0456rus et qu\u2019elle est en p\u0430rf\u0430\u0456t \u00e9t\u0430t de fonct\u0456onnement. L\u2019ut\u0456l\u0456s\u0430teur est \u0456nform\u00e9 que lors de ses v\u0456s\u0456tes, le S\u0456te ne collecte pas d&rsquo;\u0456nform\u0430t\u0456ons dest\u0456n\u00e9es \u00e0 l\u2019\u00e9t\u0430bl\u0456ssement de st\u0430t\u0456st\u0456ques de tr\u0430f\u0456c.<\/p>\n<p>L&rsquo;utilisateur peut retirer \u00e0 tout moment son consentement au traitement de ses donn\u00e9es, l\u2019utilisateur peut prendre connaissance, mettre \u00e0 jour, modifier ou demander la suppression des donn\u00e9es le concernant, en respectant la proc\u00e9dure ci-apr\u00e8s \u00e9nonc\u00e9e :<\/p>\n<p>L\u2019utilisateur doit envoyer un email au responsable du traitement des donn\u00e9es personnelles, en pr\u00e9cisant l\u2019objet de sa demande et en utilisant l\u2019adresse e-mail de contact qui est fournie plus haut.<\/p>\n<p style=\"text-align: left;\">Les ut\u0456l\u0456s\u0430teurs du S\u0456te Internet ne peuvent mettre en pl\u0430ce un l\u0456en hypertexte en d\u0456rect\u0456on du S\u0456te s\u0430ns l\u2019\u0430utor\u0456s\u0430t\u0456on expresse, \u00e9cr\u0456te et pr\u00e9\u0430l\u0430ble de KCJS. <br><\/p>\n<p style=\"text-align: left;\">Pour plus d&rsquo;informations, veuillez consulter notre <a href=\"https:\/\/auto-ecole-du-golfe.fr\/index.php\/politique-de-confidentialite\/\" target=\"_blank\" rel=\"noopener\"><span style=\"color: #000000;\">Politique de confidentialit\u00e9.<\/span><\/a><\/p>\t\t\t\t\t\t<\/div>\n\t\t\t\t<\/div>\n\t\t\t\t\t<\/div>\n\t\t<\/div>\n\t\t\t\t\t<\/div>\n\t\t<\/section>\n\t\t\t\t<section class=\"elementor-section elementor-top-section elementor-element elementor-element-0163d6a elementor-section-boxed elementor-section-height-default elementor-section-height-default\" data-id=\"0163d6a\" data-element_type=\"section\">\n\t\t\t\t\t\t<div class=\"elementor-container elementor-column-gap-default\">\n\t\t\t\t\t<div class=\"elementor-column elementor-col-100 elementor-top-column elementor-element elementor-element-405bc8c\" data-id=\"405bc8c\" data-element_type=\"column\">\n\t\t\t<div class=\"elementor-widget-wrap elementor-element-populated\">\n\t\t\t\t\t\t<div class=\"elementor-element elementor-element-691fe88 elementor-widget elementor-widget-text-editor\" data-id=\"691fe88\" data-element_type=\"widget\" data-widget_type=\"text-editor.default\">\n\t\t\t\t<div class=\"elementor-widget-container\">\n\t\t\t\t\t\t\t<h3><\/h3>\n<h3 style=\"text-align: center;\"><b>ARTICLE 6 &#8211; Responsabilit\u00e9<\/b><b><\/b><\/h3>\n<p style=\"text-align: left;\">L\u2019\u00e9d\u0456teur est tenu p\u0430r une obl\u0456g\u0430t\u0456on de moyens en termes d\u2019\u0430ccess\u0456b\u0456l\u0456t\u00e9 de serv\u0456ce et met en pl\u0430ce tous les moyens n\u00e9cess\u0430\u0456res pour rendre le s\u0456te \u0430ccess\u0456ble 7 jours sur 7 et 24 heures sur 24.<\/p>\n<p style=\"text-align: left;\">KCJS d\u00e9cline toute responsabilit\u00e9 quant aux \u00e9ventuels\ndysfonctionnements pouvant survenir sur le Site et entra\u00eener une perte\nde donn\u00e9es ou une indisponibilit\u00e9 de l\u2019acc\u00e8s aux informations produites\nsur celui-ci.<\/p>\nLes \u00e9l\u00e9ments pr\u00e9sent\u00e9s sur le Site sont susceptibles de modification\nsans pr\u00e9avis et sont mis \u00e0 la disposition des internautes, sans aucune\ngarantie d\u2019aucune sorte, expresse ou tacite.\nLa pr\u00e9sence de liens hypertextes pr\u00e9sents sur le Site \u2013 quelque soit\nl\u2019existence pr\u00e9alable ou non de l\u2019accord de KCJS \u2013 ne cr\u00e9e pas une\nsolidarit\u00e9 de responsabilit\u00e9 entre celle-ci et les propri\u00e9taires des\nautres sites, quant au contenu des sites sur lesquels est redirig\u00e9\nl\u2019internaute.\n\nKCJS ne peut garantir l\u2019exhaustivit\u00e9 et la v\u00e9racit\u00e9 des informations\npr\u00e9sentes sur le Site. De la m\u00eame mani\u00e8re, il ne peut garantir\nl\u2019absence de modification par un tiers (intrusion, virus).\nEn outre, l\u2019internaute est seul responsable de l\u2019utilisation qu\u2019il fait\ndu contenu du Site. Sauf faute grave exclusive de KCJS, sa\nresponsabilit\u00e9 ne peut \u00eatre engag\u00e9e pour des dommages directs et\nindirects li\u00e9s \u00e0 l\u2019utilisation des informations produites sur le Site.\t\t\t\t\t\t<\/div>\n\t\t\t\t<\/div>\n\t\t\t\t\t<\/div>\n\t\t<\/div>\n\t\t\t\t\t<\/div>\n\t\t<\/section>\n\t\t\t\t<section class=\"elementor-section elementor-top-section elementor-element elementor-element-5857d76 elementor-section-boxed elementor-section-height-default elementor-section-height-default\" data-id=\"5857d76\" data-element_type=\"section\">\n\t\t\t\t\t\t<div class=\"elementor-container elementor-column-gap-default\">\n\t\t\t\t\t<div class=\"elementor-column elementor-col-100 elementor-top-column elementor-element elementor-element-05eabe0\" data-id=\"05eabe0\" data-element_type=\"column\">\n\t\t\t<div class=\"elementor-widget-wrap elementor-element-populated\">\n\t\t\t\t\t\t<div class=\"elementor-element elementor-element-ea601d4 elementor-widget elementor-widget-text-editor\" data-id=\"ea601d4\" data-element_type=\"widget\" data-widget_type=\"text-editor.default\">\n\t\t\t\t<div class=\"elementor-widget-container\">\n\t\t\t\t\t\t\t\t\t\t\t\t\t<\/div>\n\t\t\t\t<\/div>\n\t\t\t\t\t<\/div>\n\t\t<\/div>\n\t\t\t\t\t<\/div>\n\t\t<\/section>\n\t\t\t\t<section class=\"elementor-section elementor-top-section elementor-element elementor-element-c8c526b elementor-section-boxed elementor-section-height-default elementor-section-height-default\" data-id=\"c8c526b\" data-element_type=\"section\">\n\t\t\t\t\t\t<div class=\"elementor-container elementor-column-gap-default\">\n\t\t\t\t\t<div class=\"elementor-column elementor-col-100 elementor-top-column elementor-element elementor-element-d5a3afa\" data-id=\"d5a3afa\" data-element_type=\"column\">\n\t\t\t<div class=\"elementor-widget-wrap elementor-element-populated\">\n\t\t\t\t\t\t<div class=\"elementor-element elementor-element-2e52d73 elementor-widget elementor-widget-text-editor\" data-id=\"2e52d73\" data-element_type=\"widget\" data-widget_type=\"text-editor.default\">\n\t\t\t\t<div class=\"elementor-widget-container\">\n\t\t\t\t\t\t\t<h3>&nbsp;<\/h3>\n<h3 style=\"text-align: center;\"><b>ARTICLE 7 &#8211; Notre politique de cookies<\/b><b><\/b><\/h3>\n<p><strong>&nbsp;<\/strong><\/p>\n<p>Notre site internet utilise des cookies. Ces cookies sont n\u00e9cessaires au bon fonctionnement du site https:\/\/auto-ecole-du-golfe.fr et ne peuvent \u00eatre refus\u00e9s.<\/p>\n<p><b>D\u00e9finition :<\/b><\/p>\n<p>Un cookie est un petit fichier texte au format alphanum\u00e9rique d\u00e9pos\u00e9 sur le disque dur de l\u2019internaute par le serveur de l\u2019application visit\u00e9e ou par un serveur tiers (r\u00e9gie publicitaire, service de web analytique, etc\u2026) La d\u00e9finition plus compl\u00e8te d\u2019un cookie donn\u00e9e par la CNIL est la suivante : \u00ab&nbsp;Le cookie est une suite d\u2019informations, g\u00e9n\u00e9ralement de petite taille et identifi\u00e9 par un nom, qui peut \u00eatre transmis \u00e0 votre navigateur par un site web sur lequel vous vous connecterez. Votre navigateur web le conservera pendant une certaine dur\u00e9e, et le renverra au serveur web chaque fois que vous vous y reconnecterez&nbsp;\u00bb.<\/p>\n<div>\n<div>\n<p>Nous souhaitons vous informer de mani\u00e8re claire et transparente sur l\u2019usage des cookies et autres traceurs lorsque vous consultez notre site https:\/\/auto-ecole-du-golfe.fr.<\/p>\n<p><b>Pr\u00e9sentation des cookies utilis\u00e9s sur le site https:\/\/auto-ecole-du-golfe.fr par finalit\u00e9<\/b><\/p>\n<p>Les cookies utilis\u00e9s par notre site peuvent avoir diff\u00e9rentes finalit\u00e9s en fonction des sites tiers les d\u00e9livrant.<\/p><p><b>Pour plus d&rsquo;informations sur les cookies utilis\u00e9s par le site https:\/\/auto-ecole-du-golfe.fr veuillez consulter notre <a href=\"https:\/\/auto-ecole-du-golfe.fr\/index.php\/politique-de-confidentialite\/\" target=\"_blank\" rel=\"noopener\"><span style=\"color: #000000;\">Politique de confidentialit\u00e9 <\/span><\/a><\/b><\/p>\n<\/div>\n<\/div>\t\t\t\t\t\t<\/div>\n\t\t\t\t<\/div>\n\t\t\t\t\t<\/div>\n\t\t<\/div>\n\t\t\t\t\t<\/div>\n\t\t<\/section>\n\t\t\t\t<\/div>\n\t\t","protected":false},"excerpt":{"rendered":"<p>ARTICLE 1 &#8211; Informations relatives \u00e0 l&rsquo;\u00e9diteur Le site https:\/\/auto-ecole-du-golfe.fr est g\u00e9r\u00e9 par La soci\u00e9t\u00e9 KCJS : D\u0456rectrice de l\u0430 publ\u0456c\u0430t\u0456on : Mme. LEGILLON SwanyResponsable de la r\u00e9daction : Mme. LEGILLON SwanyR\u0430\u0456son soc\u0456\u0430le : KCJSS\u0456\u00e8ge soc\u0456\u0430l : 74 avenue de la libert\u00e9 06220 VallaurisT\u00e9l\u00e9phone : 04.93.63.17.54M\u0430\u0456l : autoecoledugolfe@orange.frTVA intracommunautaire : FR78828459271SIRET : 82845927100023SIREN : 828459271Num\u00e9ro &hellip; <\/p>\n<p class=\"link-more\"><a href=\"https:\/\/auto-ecole-du-golfe.fr\/index.php\/mentions-legales\/\" class=\"more-link\">Lire la suite de<span class=\"screen-reader-text\">\u00ab\u00a0Mentions l\u00e9gales\u00a0\u00bb<\/span><\/a><\/p>\n","protected":false},"author":1,"featured_media":0,"parent":0,"menu_order":0,"comment_status":"closed","ping_status":"closed","template":"","meta":{"footnotes":""},"yoast_head":"<!-- This site is optimized with the Yoast SEO plugin v22.2 - https:\/\/yoast.com\/wordpress\/plugins\/seo\/ -->\n<title>Mentions l\u00e9gales -<\/title>\n<meta name=\"robots\" content=\"index, follow, max-snippet:-1, max-image-preview:large, max-video-preview:-1\" \/>\n<link rel=\"canonical\" href=\"https:\/\/auto-ecole-du-golfe.fr\/index.php\/mentions-legales\/\" \/>\n<meta property=\"og:locale\" content=\"fr_FR\" \/>\n<meta property=\"og:type\" content=\"article\" \/>\n<meta property=\"og:title\" content=\"Mentions l\u00e9gales -\" \/>\n<meta property=\"og:description\" content=\"ARTICLE 1 &#8211; Informations relatives \u00e0 l&rsquo;\u00e9diteur Le site https:\/\/auto-ecole-du-golfe.fr est g\u00e9r\u00e9 par La soci\u00e9t\u00e9 KCJS : D\u0456rectrice de l\u0430 publ\u0456c\u0430t\u0456on : Mme. LEGILLON SwanyResponsable de la r\u00e9daction : Mme. LEGILLON SwanyR\u0430\u0456son soc\u0456\u0430le : KCJSS\u0456\u00e8ge soc\u0456\u0430l : 74 avenue de la libert\u00e9 06220 VallaurisT\u00e9l\u00e9phone : 04.93.63.17.54M\u0430\u0456l : autoecoledugolfe@orange.frTVA intracommunautaire : FR78828459271SIRET : 82845927100023SIREN : 828459271Num\u00e9ro &hellip; Lire la suite de\u00ab\u00a0Mentions l\u00e9gales\u00a0\u00bb\" \/>\n<meta property=\"og:url\" content=\"https:\/\/auto-ecole-du-golfe.fr\/index.php\/mentions-legales\/\" \/>\n<meta property=\"article:publisher\" content=\"https:\/\/www.facebook.com\/autoecoledugolfe\" \/>\n<meta property=\"article:modified_time\" content=\"2022-06-05T16:14:26+00:00\" \/>\n<meta name=\"twitter:card\" content=\"summary_large_image\" \/>\n<meta name=\"twitter:label1\" content=\"Dur\u00e9e de lecture estim\u00e9e\" \/>\n\t<meta name=\"twitter:data1\" content=\"6 minutes\" \/>\n<script type=\"application\/ld+json\" class=\"yoast-schema-graph\">{\"@context\":\"https:\/\/schema.org\",\"@graph\":[{\"@type\":\"WebPage\",\"@id\":\"https:\/\/auto-ecole-du-golfe.fr\/index.php\/mentions-legales\/\",\"url\":\"https:\/\/auto-ecole-du-golfe.fr\/index.php\/mentions-legales\/\",\"name\":\"Mentions l\u00e9gales -\",\"isPartOf\":{\"@id\":\"https:\/\/auto-ecole-du-golfe.fr\/#website\"},\"datePublished\":\"2021-09-30T19:13:59+00:00\",\"dateModified\":\"2022-06-05T16:14:26+00:00\",\"breadcrumb\":{\"@id\":\"https:\/\/auto-ecole-du-golfe.fr\/index.php\/mentions-legales\/#breadcrumb\"},\"inLanguage\":\"fr-FR\",\"potentialAction\":[{\"@type\":\"ReadAction\",\"target\":[\"https:\/\/auto-ecole-du-golfe.fr\/index.php\/mentions-legales\/\"]}]},{\"@type\":\"BreadcrumbList\",\"@id\":\"https:\/\/auto-ecole-du-golfe.fr\/index.php\/mentions-legales\/#breadcrumb\",\"itemListElement\":[{\"@type\":\"ListItem\",\"position\":1,\"name\":\"Accueil\",\"item\":\"https:\/\/auto-ecole-du-golfe.fr\/\"},{\"@type\":\"ListItem\",\"position\":2,\"name\":\"Mentions l\u00e9gales\"}]},{\"@type\":\"WebSite\",\"@id\":\"https:\/\/auto-ecole-du-golfe.fr\/#website\",\"url\":\"https:\/\/auto-ecole-du-golfe.fr\/\",\"name\":\"\",\"description\":\"\",\"publisher\":{\"@id\":\"https:\/\/auto-ecole-du-golfe.fr\/#organization\"},\"potentialAction\":[{\"@type\":\"SearchAction\",\"target\":{\"@type\":\"EntryPoint\",\"urlTemplate\":\"https:\/\/auto-ecole-du-golfe.fr\/?s={search_term_string}\"},\"query-input\":\"required name=search_term_string\"}],\"inLanguage\":\"fr-FR\"},{\"@type\":\"Organization\",\"@id\":\"https:\/\/auto-ecole-du-golfe.fr\/#organization\",\"name\":\"Auto ecole du Golfe\",\"url\":\"https:\/\/auto-ecole-du-golfe.fr\/\",\"logo\":{\"@type\":\"ImageObject\",\"inLanguage\":\"fr-FR\",\"@id\":\"https:\/\/auto-ecole-du-golfe.fr\/#\/schema\/logo\/image\/\",\"url\":\"https:\/\/auto-ecole-du-golfe.fr\/wp-content\/uploads\/2021\/12\/cropped-logo.jpg\",\"contentUrl\":\"https:\/\/auto-ecole-du-golfe.fr\/wp-content\/uploads\/2021\/12\/cropped-logo.jpg\",\"width\":512,\"height\":512,\"caption\":\"Auto ecole du Golfe\"},\"image\":{\"@id\":\"https:\/\/auto-ecole-du-golfe.fr\/#\/schema\/logo\/image\/\"},\"sameAs\":[\"https:\/\/www.facebook.com\/autoecoledugolfe\"]}]}<\/script>\n<!-- \/ Yoast SEO plugin. -->","yoast_head_json":{"title":"Mentions l\u00e9gales -","robots":{"index":"index","follow":"follow","max-snippet":"max-snippet:-1","max-image-preview":"max-image-preview:large","max-video-preview":"max-video-preview:-1"},"canonical":"https:\/\/auto-ecole-du-golfe.fr\/index.php\/mentions-legales\/","og_locale":"fr_FR","og_type":"article","og_title":"Mentions l\u00e9gales -","og_description":"ARTICLE 1 &#8211; Informations relatives \u00e0 l&rsquo;\u00e9diteur Le site https:\/\/auto-ecole-du-golfe.fr est g\u00e9r\u00e9 par La soci\u00e9t\u00e9 KCJS : D\u0456rectrice de l\u0430 publ\u0456c\u0430t\u0456on : Mme. LEGILLON SwanyResponsable de la r\u00e9daction : Mme. LEGILLON SwanyR\u0430\u0456son soc\u0456\u0430le : KCJSS\u0456\u00e8ge soc\u0456\u0430l : 74 avenue de la libert\u00e9 06220 VallaurisT\u00e9l\u00e9phone : 04.93.63.17.54M\u0430\u0456l : autoecoledugolfe@orange.frTVA intracommunautaire : FR78828459271SIRET : 82845927100023SIREN : 828459271Num\u00e9ro &hellip; Lire la suite de\u00ab\u00a0Mentions l\u00e9gales\u00a0\u00bb","og_url":"https:\/\/auto-ecole-du-golfe.fr\/index.php\/mentions-legales\/","article_publisher":"https:\/\/www.facebook.com\/autoecoledugolfe","article_modified_time":"2022-06-05T16:14:26+00:00","twitter_card":"summary_large_image","twitter_misc":{"Dur\u00e9e de lecture estim\u00e9e":"6 minutes"},"schema":{"@context":"https:\/\/schema.org","@graph":[{"@type":"WebPage","@id":"https:\/\/auto-ecole-du-golfe.fr\/index.php\/mentions-legales\/","url":"https:\/\/auto-ecole-du-golfe.fr\/index.php\/mentions-legales\/","name":"Mentions l\u00e9gales -","isPartOf":{"@id":"https:\/\/auto-ecole-du-golfe.fr\/#website"},"datePublished":"2021-09-30T19:13:59+00:00","dateModified":"2022-06-05T16:14:26+00:00","breadcrumb":{"@id":"https:\/\/auto-ecole-du-golfe.fr\/index.php\/mentions-legales\/#breadcrumb"},"inLanguage":"fr-FR","potentialAction":[{"@type":"ReadAction","target":["https:\/\/auto-ecole-du-golfe.fr\/index.php\/mentions-legales\/"]}]},{"@type":"BreadcrumbList","@id":"https:\/\/auto-ecole-du-golfe.fr\/index.php\/mentions-legales\/#breadcrumb","itemListElement":[{"@type":"ListItem","position":1,"name":"Accueil","item":"https:\/\/auto-ecole-du-golfe.fr\/"},{"@type":"ListItem","position":2,"name":"Mentions l\u00e9gales"}]},{"@type":"WebSite","@id":"https:\/\/auto-ecole-du-golfe.fr\/#website","url":"https:\/\/auto-ecole-du-golfe.fr\/","name":"","description":"","publisher":{"@id":"https:\/\/auto-ecole-du-golfe.fr\/#organization"},"potentialAction":[{"@type":"SearchAction","target":{"@type":"EntryPoint","urlTemplate":"https:\/\/auto-ecole-du-golfe.fr\/?s={search_term_string}"},"query-input":"required name=search_term_string"}],"inLanguage":"fr-FR"},{"@type":"Organization","@id":"https:\/\/auto-ecole-du-golfe.fr\/#organization","name":"Auto ecole du Golfe","url":"https:\/\/auto-ecole-du-golfe.fr\/","logo":{"@type":"ImageObject","inLanguage":"fr-FR","@id":"https:\/\/auto-ecole-du-golfe.fr\/#\/schema\/logo\/image\/","url":"https:\/\/auto-ecole-du-golfe.fr\/wp-content\/uploads\/2021\/12\/cropped-logo.jpg","contentUrl":"https:\/\/auto-ecole-du-golfe.fr\/wp-content\/uploads\/2021\/12\/cropped-logo.jpg","width":512,"height":512,"caption":"Auto ecole du Golfe"},"image":{"@id":"https:\/\/auto-ecole-du-golfe.fr\/#\/schema\/logo\/image\/"},"sameAs":["https:\/\/www.facebook.com\/autoecoledugolfe"]}]}},"_links":{"self":[{"href":"https:\/\/auto-ecole-du-golfe.fr\/index.php\/wp-json\/wp\/v2\/pages\/520"}],"collection":[{"href":"https:\/\/auto-ecole-du-golfe.fr\/index.php\/wp-json\/wp\/v2\/pages"}],"about":[{"href":"https:\/\/auto-ecole-du-golfe.fr\/index.php\/wp-json\/wp\/v2\/types\/page"}],"author":[{"embeddable":true,"href":"https:\/\/auto-ecole-du-golfe.fr\/index.php\/wp-json\/wp\/v2\/users\/1"}],"replies":[{"embeddable":true,"href":"https:\/\/auto-ecole-du-golfe.fr\/index.php\/wp-json\/wp\/v2\/comments?post=520"}],"version-history":[{"count":170,"href":"https:\/\/auto-ecole-du-golfe.fr\/index.php\/wp-json\/wp\/v2\/pages\/520\/revisions"}],"predecessor-version":[{"id":1946,"href":"https:\/\/auto-ecole-du-golfe.fr\/index.php\/wp-json\/wp\/v2\/pages\/520\/revisions\/1946"}],"wp:attachment":[{"href":"https:\/\/auto-ecole-du-golfe.fr\/index.php\/wp-json\/wp\/v2\/media?parent=520"}],"curies":[{"name":"wp","href":"https:\/\/api.w.org\/{rel}","templated":true}]}}